{"id":7386,"date":"2023-01-15T11:09:46","date_gmt":"2023-01-15T11:09:46","guid":{"rendered":"https:\/\/tamerteknik.com\/TR\/?page_id=7386"},"modified":"2023-01-18T11:08:43","modified_gmt":"2023-01-18T11:08:43","slug":"politika-vizyon-misyon","status":"publish","type":"page","link":"https:\/\/tamerteknik.com\/TR\/?page_id=7386","title":{"rendered":"Politika &#038; Vizyon &#038; Misyon"},"content":{"rendered":"<p><strong>\u00c7evre Politikam\u0131z<\/strong><br \/>\nSosyal sorumluluklar\u0131n\u0131n bilincinde ve \u00e7evreye \u00f6nem veren bir kurulu\u015f olarak, her t\u00fcrl\u00fc faaliyetlerimiz s\u0131ras\u0131nda \u00e7evreye olan olumsuz etkilerimizi en aza indirebilmek \u00fczere gereken \u00f6nlemleri almak bizim i\u00e7in hayati \u00f6nem ta\u015f\u0131maktad\u0131r.<\/p>\n<p><strong>Bu kapsamda:\u00a0<\/strong><br \/>\n* \u00c7evre ile ilgili y\u00fcr\u00fcrl\u00fckte bulunan t\u00fcm yasal kanun ve y\u00f6netmeliklere uymak<br \/>\n* At\u0131klar\u0131m\u0131z\u0131n \u00e7evreye verece\u011fi zarar\u0131 en aza indirmek<br \/>\n* Geri d\u00f6n\u00fc\u015f\u00fcm\u00fc olmayan at\u0131klar\u0131m\u0131z\u0131 yasal d\u00fczenlemeler do\u011frultusunda \u00e7evreye zarar vermeden bertaraf etmek veya ettirmek<br \/>\n* \u00c7evre bilincinin geli\u015ftirilmesi i\u00e7in \u00e7al\u0131\u015fanlar\u0131m\u0131za, m\u00fc\u015fterilerimize, ta\u015feronlar\u0131m\u0131za ve tedarik\u00e7ilerimize y\u00f6nelik e\u011fitim ve bilin\u00e7lendirme faaliyetleri d\u00fczenlemek<br \/>\n* \u00c7evre dostu \u00fcr\u00fcnler kullanmak \u00e7evre politikam\u0131z\u0131n temel ilkeleridir.<\/p>\n<p><strong>Sosyal Uygunluk Politikam\u0131z\u00a0<\/strong><br \/>\n\u015eirketimiz; Sosyal Uygunluk Standartlar\u0131 ile verdi\u011fi hizmetleri ger\u00e7ekle\u015ftirirken, \u00e7al\u0131\u015fanlar\u0131n\u0131n yasalardan ve ilgili standartlardan kaynaklanan t\u00fcm haklar\u0131n\u0131n sa\u011flanmas\u0131 y\u00f6n\u00fcnde hareket etmeyi kabul ve taahh\u00fct etmektedir.<br \/>\nTamer Teknik \u00fcst y\u00f6netimi, bu politikam\u0131z\u0131n hayata ge\u00e7irilmesi, devaml\u0131l\u0131\u011f\u0131n\u0131n sa\u011flanmas\u0131 ile ilgili a\u015fa\u011f\u0131da belirtilen hususlar\u0131 uygulamaktad\u0131r:<br \/>\n* \u015eirketimizde 18 ya\u015f alt\u0131 \u00e7ocuk i\u015f\u00e7i \u00e7al\u0131\u015ft\u0131r\u0131lmamaktad\u0131r.<br \/>\n* \u00c7al\u0131\u015fanlar\u0131m\u0131z aras\u0131nda ayr\u0131mc\u0131l\u0131k yap\u0131lmamaktad\u0131r.<br \/>\n* \u00c7al\u0131\u015fanlar\u0131m\u0131za k\u00f6t\u00fc muamele ve zorla \u00e7al\u0131\u015ft\u0131rma yap\u0131lmamaktad\u0131r.<br \/>\n* \u00c7al\u0131\u015fma ko\u015fullar\u0131n\u0131n sa\u011fl\u0131kl\u0131 ve g\u00fcvenilir olmas\u0131 temin edilmektedir.<br \/>\n* \u00c7al\u0131\u015fanlar\u0131m\u0131z\u0131n t\u00fcm\u00fcne sigortal\u0131 yap\u0131lmakta ve minimum asgari \u00fccret \u00f6denmektedir.<br \/>\n* \u00c7al\u0131\u015fma saatleri yasal limitler dahilinde d\u00fczenlenmektedir.<br \/>\n* \u015eirketimiz \u00e7evreye duyarl\u0131 davranmaktad\u0131r.<br \/>\n* \u00c7al\u0131\u015fanlar\u0131m\u0131za sosyal uygunluk konular\u0131nda periyodik e\u011fitimler verilmektedir.<br \/>\n* Tedarik\u00e7i firmalar\u0131m\u0131z Sosyal Uygunluk Politikam\u0131z konusunda bilgilendirilmekte ve denetlenerek performans de\u011ferlendirmeleri yap\u0131lmaktad\u0131r.<\/p>\n<p><strong>\u0130\u015f Eti\u011fi Politikam\u0131z<\/strong><br \/>\n\u015eirketimiz \u00fcst y\u00f6netimi, \u0130\u015f Eti\u011fi Kurallar\u0131n\u0131n hayata ge\u00e7irilmesi ve bu politikan\u0131n devaml\u0131l\u0131\u011f\u0131n\u0131n sa\u011flanmas\u0131 i\u00e7in gerekli \u00e7al\u0131\u015fmalar\u0131 yapaca\u011f\u0131n\u0131 ve bu \u00e7al\u0131\u015fmalar i\u00e7in yeterli kaynaklar\u0131 sa\u011flayaca\u011f\u0131n\u0131 taahh\u00fct eder.<br \/>\n\u0130\u015f Eti\u011fi Kurallar\u0131m\u0131z, \u015firketimizin temel davran\u0131\u015f kurallar\u0131 olup a\u015fa\u011f\u0131da belirtilen hususlar\u0131 kapsamakta ve \u00fcst y\u00f6netim dahil t\u00fcm \u00e7al\u0131\u015fanlar\u0131m\u0131z\u0131n uymas\u0131 gerekmektedir.<\/p>\n<p><strong>\u0130\u015f Eti\u011fi Kurallar\u0131m\u0131z:<\/strong><br \/>\n<strong>D\u00fcr\u00fcstl\u00fck<\/strong><br \/>\n\u0130\u015flerimizi planlarken, uygularken ve ili\u015fkilerimizde do\u011fruluk ve d\u00fcr\u00fcstl\u00fck \u00f6ncelikli temel de\u011ferlerimizdir. \u00c7al\u0131\u015fanlar\u0131m\u0131zla ve t\u00fcm i\u015f ortaklar\u0131m\u0131zla ili\u015fkilerimizde do\u011fruluk ve d\u00fcr\u00fcstl\u00fckle hareket ederiz.<br \/>\n<strong>Gizlilik<\/strong><br \/>\nTamer Teknik \u00e7al\u0131\u015fanlar\u0131 olarak; m\u00fc\u015fterilerimizin, \u00e7al\u0131\u015fanlar\u0131m\u0131z\u0131n ve \u00e7al\u0131\u015ft\u0131\u011f\u0131m\u0131z di\u011fer ilgili ki\u015fi ve kurulu\u015flar\u0131n gizliliklerine ve \u00f6zel bilgilerinin korunmas\u0131na \u00f6zen g\u00f6steririz.<br \/>\n<strong>\u00c7\u0131kar \u00c7at\u0131\u015fmas\u0131<\/strong><br \/>\nTamer Teknik \u00a0\u00e7al\u0131\u015fanlar\u0131 olarak, \u00e7\u0131kar \u00e7at\u0131\u015fmas\u0131ndan uzak durmay\u0131 ama\u00e7lar\u0131z. Yapt\u0131\u011f\u0131m\u0131z g\u00f6revlerden yararlanarak; \u015fahsen, ailemiz veya yak\u0131nlar\u0131m\u0131z\u0131n vas\u0131tas\u0131 ile i\u015f m\u00fcnasebetinde bulundu\u011fumuz ki\u015fi ve kurulu\u015flardan ki\u015fisel \u00e7\u0131kar sa\u011flamay\u0131z.<\/p>\n<p><strong>Sorumluluklar\u0131m\u0131z<\/strong><br \/>\n<strong>1. Yasal Sorumluluklar\u0131m\u0131z<\/strong>\u00a0mevcut t\u00fcm faaliyet ve i\u015flemlerimizi ulusal ve uluslararas\u0131 hukuk \u00e7er\u00e7evesinde y\u00fcr\u00fct\u00fcr, yasal d\u00fczenleyici kurum ve kurulu\u015flara do\u011fru, tam ve anla\u015f\u0131labilir bilgileri zaman\u0131nda sunar\u0131z. T\u00fcm faaliyet ve i\u015flemlerimizi y\u00fcr\u00fct\u00fcrken, her t\u00fcrl\u00fc kamu kurum ve kurulu\u015fu ve siyasi partilere herhangi bir menfaat beklentisi olmaks\u0131z\u0131n e\u015fit mesafede yer al\u0131r ve bu sorumluluk bilinci ile y\u00fck\u00fcml\u00fcl\u00fcklerimizi yerine getiririz.<br \/>\n<strong><br \/>\n2. M\u00fc\u015fterilerimize Kar\u015f\u0131 Sorumluluklar\u0131m\u0131z<\/strong>: M\u00fc\u015fteri memnuniyeti odakl\u0131 olarak, m\u00fc\u015fterilerimizin ihtiya\u00e7 ve taleplerine en k\u0131sa zamanda, en do\u011fru \u015fekilde cevap veren bir anlay\u0131\u015fla \u00e7al\u0131\u015f\u0131r\u0131z. Hizmetlerimizi, zaman\u0131nda ve s\u00f6z verdi\u011fimiz ko\u015fullarda sunar; m\u00fc\u015fterilerimize kar\u015f\u0131 d\u00fcr\u00fcst ve adil davran\u0131r\u0131z.<br \/>\n<strong><br \/>\n3. \u00c7al\u0131\u015fanlar\u0131m\u0131za Kar\u015f\u0131 Sorumluluklar\u0131m\u0131z:<\/strong>\u00a0\u00c7al\u0131\u015fanlar\u0131n \u00f6zl\u00fck haklar\u0131n\u0131n tam ve do\u011fru bi\u00e7imde kullan\u0131lmas\u0131n\u0131 sa\u011flar\u0131z. \u00c7al\u0131\u015fanlar\u0131m\u0131za d\u00fcr\u00fcst ve adil yakla\u015f\u0131r, ayr\u0131mc\u0131 olmayan, g\u00fcvenli ve sa\u011fl\u0131kl\u0131 bir \u00e7al\u0131\u015fma ortam\u0131 taahh\u00fct ederiz. \u00c7al\u0131\u015fanlar\u0131m\u0131z\u0131n bireysel geli\u015fimi i\u00e7in gerekli \u00e7abay\u0131 g\u00f6steririz.<br \/>\n<strong><br \/>\n4. Tedarik\u00e7ilerimize Kar\u015f\u0131 Sorumluluklar\u0131m\u0131z:<\/strong>\u00a0Tedarik\u00e7ilerimizin m\u00fc\u015fterisi olarak, kendilerine adil ve sayg\u0131l\u0131 davran\u0131r, y\u00fck\u00fcml\u00fcl\u00fcklerimizi zaman\u0131nda yerine getirmek i\u00e7in gerekli \u00f6zeni g\u00f6steririz. \u0130\u015f yapt\u0131\u011f\u0131m\u0131z tedarik\u00e7ilerimizin gizli bilgilerini \u00f6zenle koruruz.<br \/>\n<strong><br \/>\n5. Rakiplerimize Kar\u015f\u0131 Sorumluluklar\u0131m\u0131z:<\/strong>\u00a0Etkin bir \u015fekilde, sadece yasal ve etik olan alanlarda rekabet eder, haks\u0131z rekabetten ka\u00e7\u0131n\u0131r\u0131z.<br \/>\n<strong><br \/>\n6. Topluma Kar\u015f\u0131 Sorumluluklar\u0131m\u0131z:<\/strong>\u00a0Demokrasinin, insan haklar\u0131n\u0131n, ve \u00e7evrenin korunmas\u0131; e\u011fitim ve hay\u0131r i\u015fleri, su\u00e7 ve yolsuzluklar\u0131n ortadan kald\u0131r\u0131lmas\u0131 bizim i\u00e7in \u00e7ok \u00f6nemlidir. R\u00fc\u015fvet veya maksad\u0131 a\u015fan bedelde hediye \u00fcr\u00fcn ve hizmetler vermeyiz ve kabul etmeyiz. Bu t\u00fcr su\u00e7lar\u0131n ortadan kald\u0131r\u0131lmas\u0131 konusundaki \u00e7abalar\u0131 destekleriz.<\/p>\n<p>&nbsp;<\/p>\n<p><strong>Tamer Teknik<\/strong>\u00a0olarak temel\u00a0<u>De\u011ferlerimiz<\/u>,<\/p>\n<ul>\n<li>M\u00fc\u015fterilerimiz varl\u0131\u011f\u0131m\u0131z\u0131n en \u00f6nemli sebebidir.<\/li>\n<li>\u00c7al\u0131\u015fanlar\u0131m\u0131z kurumumuzun temel ta\u015flar\u0131d\u0131r.<\/li>\n<li>Kaliteli \u00fcr\u00fcn ve hizmet hem i\u00e7 hem de d\u0131\u015f m\u00fc\u015fterilerimizin hakk\u0131d\u0131r.<\/li>\n<li>\u00dcst\u00fcn i\u015f ahlak\u0131.<\/li>\n<li>Verimlili\u011fi etkinli\u011fi \u00fcretkenli\u011fi \u00f6n planda tutmak.<\/li>\n<li>Modern dinamik yap\u0131da faaliyet s\u00fcrd\u00fcrmek.<\/li>\n<li>Her Tamer Teknik \u00e7al\u0131\u015fan\u0131n\u0131n tak\u0131m\u0131n aktif bir par\u00e7as\u0131 oldu\u011funu bilmek.<\/li>\n<\/ul>\n<p><strong>Tamer Teknik<\/strong>\u00a0olarak temel\u00a0<u>Misyonumuz<\/u>,<\/p>\n<ul>\n<li>Firmam\u0131z\u0131n \u00fclke ekonomisine tamam\u0131yla yerli i\u015fg\u00fcc\u00fc ile katk\u0131 sa\u011flamas\u0131<\/li>\n<li>Geli\u015fmi\u015f teknolojiyi kullanmak<\/li>\n<li>Uluslar aras\u0131 normlara uygun g\u00fcvenli kaliteli ve h\u0131zl\u0131 hizmet vermek.<\/li>\n<\/ul>\n<p><strong>Tamer Teknik<\/strong>\u00a0olarak\u00a0<u>Vizyonumuz<\/u>,<\/p>\n<ul>\n<li>T\u00fcketim mallar\u0131n\u0131n \u00fcretim ve pazarlanmas\u0131<\/li>\n<li>Is\u0131tma ve So\u011futma sistemlerinin sat\u0131\u015f\u0131 ve sonras\u0131ndaki teknik servis hizmetleri.<\/li>\n<li>Rayl\u0131 sistem ara\u00e7lar\u0131n\u0131n \u00fclkemiz i\u00e7inde her yerde tamir bak\u0131m onar\u0131m\u0131n\u0131 yapmak.<\/li>\n<li>Bu sekt\u00f6rde norm belirlemek ve bu normlar\u0131n s\u00fcrd\u00fcr\u00fclebilirli\u011fini sa\u011flamak<\/li>\n<\/ul>\n<ul>\n<li>\u0130nsanlar\u0131n ve insan ihtiyac\u0131 olan t\u00fcketim mallar\u0131n\u0131n \u00fcretim ve pazarlamas\u0131, \u0131s\u0131tma so\u011futma havaland\u0131rma sistemleri sat\u0131\u015f ve servis hizmetleri veren, h\u0131zl\u0131 b\u00fcy\u00fcme de\u011fi\u015fim ve dinamizme sahip olan, rayl\u0131 sistem ara\u00e7lar\u0131n\u0131n \u00fclkemizin her yerinde bak\u0131m ve onar\u0131m\u0131n\u0131 yapan ve bu sekt\u00f6rde norm belirlemede etkin bir \u015firket olmak.<\/li>\n<li>Firmam\u0131z \u00fclke ekonomisine; tamam\u0131yla yerli i\u015f g\u00fcc\u00fc ve kalitesiyle azami katk\u0131 sa\u011flayarak geli\u015fmi\u015f teknolojiye ve uluslararas\u0131 normlara uygun, g\u00fcvenli, kaliteli ve h\u0131zl\u0131 hizmet vermektir.<\/li>\n<\/ul>\n<ul>\n<li>\u00c7al\u0131\u015fanlar\u0131n\u0131n sosyal haklar\u0131n\u0131 g\u00f6zetmek ve e\u011fitimlerine \u00f6nem vermektir.<\/li>\n<\/ul>\n<ul>\n<li>M\u00fc\u015fterilerimiz bizim en \u00f6nemli varl\u0131\u011f\u0131m\u0131z\u0131n en \u00f6nemli sebebidir. \u00c7al\u0131\u015fanlar\u0131m\u0131z kurumumuzun temel ta\u015flar\u0131d\u0131r. Kaliteli \u00fcr\u00fcn ve hizmet hem i\u00e7 hem de d\u0131\u015f m\u00fc\u015fterilerimizin hakk\u0131d\u0131r. \u00dcst\u00fcn i\u015f ahlak\u0131, adil d\u00fcr\u00fcst davran\u0131\u015f \u015fekli ile \u00f6rnek kurulu\u015f olmaya \u00f6zen g\u00f6stermek, verimlili\u011fi, etkinli\u011fi, \u00fcretkenli\u011fi ve kaliteyi en \u00f6n planda tutmak, t\u00fcm ileti\u015fim ara\u00e7lar\u0131n\u0131n sonuna kadar kullanarak \u015feffaf modern ve dinamik bir yap\u0131da faaliyetlerimizi s\u00fcrd\u00fcrmek. Her \u00e7al\u0131\u015fan\u0131m\u0131z\u0131n tak\u0131m\u0131m\u0131z\u0131n aktif bir par\u00e7as\u0131 olarak g\u00f6rmektir.<\/li>\n<\/ul>\n<ul>\n<li>Do\u011faya sal\u0131nmas\u0131 ka\u00e7\u0131n\u0131lmaz olan kat\u0131 at\u0131klar\u0131n, s\u0131n\u0131fland\u0131r\u0131larak m\u00fcmk\u00fcn mertebe geri d\u00f6n\u00fc\u015f\u00fcm\u00fcn\u00fc sa\u011flamak,<\/li>\n<\/ul>\n<ul>\n<li>Do\u011fadan temin edilen kaynaklar\u0131 en verimli bi\u00e7imde kullanmak,<\/li>\n<\/ul>\n<ul>\n<li>Beklenmeyen durumlarda dahi, gerekli \u00f6nlemleri alarak, \u00e7evreye verilen zarar\u0131 en d\u00fc\u015f\u00fck seviyede tutmak,<\/li>\n<\/ul>\n<ul>\n<li>\u00c7evre ile ilgili duyarl\u0131l\u0131\u011f\u0131m\u0131z\u0131, hem m\u00fc\u015fterilerimiz hem de irtibat halinde bulundu\u011fumuz di\u011fer \u00fc\u00e7\u00fcnc\u00fc taraflara duyurmak ve yayg\u0131nla\u015fmas\u0131n\u0131 sa\u011flamakt\u0131r.<\/li>\n<li><strong>D<em>emiryolu, Metro ve Hafif Rayl\u0131 Sistem Ara\u00e7lar\u0131, Elektrik Trafo Merkezleri ve Kuvvetli Ak\u0131m Tesisleri Is\u0131tma, So\u011futma, Havaland\u0131rma, Makinalar\u0131n\u0131n Revizyon, Projelendirme, Montaj, Bak\u0131m, Onar\u0131m ve Servis Hizmetleri, Demiryolu Ara\u00e7lar\u0131na Ait Par\u00e7a \u0130malat\u0131.\u00a0<\/em><\/strong><strong><em>\u00a0<\/em><\/strong><strong><em>Alt Yap\u0131 ve \u00fcst yap\u0131 (\u0130\u00e7me Suyu, Kanalizasyon, Ya\u011fmur suyu, Sulama ve Drenaj, Do\u011fal gaz Boru Hatlar\u0131, Saha Betonu, Elektrik Tesisat\u0131 Hatt\u0131, Bina i\u015fleri, (konut, sa\u011fl\u0131k, e\u011fitim, ticari, idari-ofis, adli, end\u00fcstriyel) askeri tesisler, \u00e7elik yap\u0131lar, konaklama tesisleri, yurtlar, spor tesisleri, \u00e7evre tanzimi, rekreasyon, kara yolu, demir yolu, sanat yap\u0131lar\u0131 ve otopark onar\u0131m, tadilat, g\u00fc\u00e7lendirme) in\u015faat taahh\u00fct i\u015fleri<\/em><\/strong><strong>\u00a0<\/strong>\n<p><strong>Metalik malzemeleri e\u011fritme kayna\u011f\u0131 ve demir yollar\u0131 ara\u00e7lar\u0131 ve bunlara ait komponentlerin imalat montaj ve tamir kaynak i\u015fleri.<\/strong><\/li>\n<\/ul>\n","protected":false},"excerpt":{"rendered":"<p>\u00c7evre Politikam\u0131z Sosyal sorumluluklar\u0131n\u0131n bilincinde ve \u00e7evreye \u00f6nem veren bir kurulu\u015f olarak, her t\u00fcrl\u00fc faaliyetlerimiz s\u0131ras\u0131nda \u00e7evreye olan olumsuz etkilerimizi en aza indirebilmek \u00fczere gereken \u00f6nlemleri almak bizim i\u00e7in hayati \u00f6nem ta\u015f\u0131maktad\u0131r. Bu kapsamda:\u00a0 * \u00c7evre ile ilgili y\u00fcr\u00fcrl\u00fckte bulunan t\u00fcm yasal kanun ve y\u00f6netmeliklere uymak * At\u0131klar\u0131m\u0131z\u0131n \u00e7evreye verece\u011fi zarar\u0131 en aza indirmek * [&hellip;]<\/p>\n","protected":false},"author":1,"featured_media":0,"parent":7378,"menu_order":0,"comment_status":"closed","ping_status":"closed","template":"","meta":{"footnotes":""},"class_list":["post-7386","page","type-page","status-publish","hentry"],"_links":{"self":[{"href":"https:\/\/tamerteknik.com\/TR\/index.php?rest_route=\/wp\/v2\/pages\/7386","targetHints":{"allow":["GET"]}}],"collection":[{"href":"https:\/\/tamerteknik.com\/TR\/index.php?rest_route=\/wp\/v2\/pages"}],"about":[{"href":"https:\/\/tamerteknik.com\/TR\/index.php?rest_route=\/wp\/v2\/types\/page"}],"author":[{"embeddable":true,"href":"https:\/\/tamerteknik.com\/TR\/index.php?rest_route=\/wp\/v2\/users\/1"}],"replies":[{"embeddable":true,"href":"https:\/\/tamerteknik.com\/TR\/index.php?rest_route=%2Fwp%2Fv2%2Fcomments&post=7386"}],"version-history":[{"count":3,"href":"https:\/\/tamerteknik.com\/TR\/index.php?rest_route=\/wp\/v2\/pages\/7386\/revisions"}],"predecessor-version":[{"id":7530,"href":"https:\/\/tamerteknik.com\/TR\/index.php?rest_route=\/wp\/v2\/pages\/7386\/revisions\/7530"}],"up":[{"embeddable":true,"href":"https:\/\/tamerteknik.com\/TR\/index.php?rest_route=\/wp\/v2\/pages\/7378"}],"wp:attachment":[{"href":"https:\/\/tamerteknik.com\/TR\/index.php?rest_route=%2Fwp%2Fv2%2Fmedia&parent=7386"}],"curies":[{"name":"wp","href":"https:\/\/api.w.org\/{rel}","templated":true}]}}